{"id":1727,"date":"2024-04-22T09:37:15","date_gmt":"2024-04-22T13:37:15","guid":{"rendered":"https:\/\/glcreativemedia.net\/valiquette\/?page_id=1727"},"modified":"2026-03-27T12:53:35","modified_gmt":"2026-03-27T16:53:35","slug":"conseil-des-gouverneurs","status":"publish","type":"page","link":"https:\/\/valiquette.org\/fr\/conseil-des-gouverneurs\/","title":{"rendered":"Conseil des Gouverneurs"},"content":{"rendered":"<div class=\"wpb-content-wrapper\"><p>[vc_row full_width=\u00a0\u00bbstretch_row_content\u00a0\u00bb el_id=\u00a0\u00bbhero-2&Prime; css=\u00a0\u00bb.vc_custom_1665666948886{padding-top: 30px !important;padding-bottom: 30px !important;background-color: #a31d36 !important;}\u00a0\u00bb][vc_column][vc_custom_heading text=\u00a0\u00bbFondation Valiquette &#8211; Conseil des gouverneurs et \u00e9quipe\u00a0\u00bb font_container=\u00a0\u00bbtag:h2|text_align:center|color:%23ffffff\u00a0\u00bb use_theme_fonts=\u00a0\u00bbyes\u00a0\u00bb css=\u00a0\u00bb\u00a0\u00bb][vc_custom_heading text=\u00a0\u00bbNotre conseil d&rsquo;administration et notre \u00e9quipe\u00a0\u00bb font_container=\u00a0\u00bbtag:p|font_size:18px|text_align:center|color:%23ffffff\u00a0\u00bb use_theme_fonts=\u00a0\u00bbyes\u00a0\u00bb css=\u00a0\u00bb\u00a0\u00bb][\/vc_column][\/vc_row][vc_row css=\u00a0\u00bb.vc_custom_1713793105237{margin-top: 50px !important;}\u00a0\u00bb][vc_column][vc_custom_heading text=\u00a0\u00bbConseil des Gouverneurs\u00a0\u00bb font_container=\u00a0\u00bbtag:h1|text_align:center|color:%23a31d36&Prime; use_theme_fonts=\u00a0\u00bbyes\u00a0\u00bb css=\u00a0\u00bb\u00a0\u00bb][vc_column_text]<\/p>\n<p style=\"text-align: center;\">Le Conseil des gouverneurs assure la supervision strat\u00e9gique, la gouvernance et l\u2019orientation \u00e0 long terme de la Fondation Valiquette. Compos\u00e9 de leaders exp\u00e9riment\u00e9s issus de divers horizons professionnels, il veille \u00e0 la reddition des comptes, soutient la croissance organisationnelle et garantit le respect de la mission de la Fondation, qui consiste \u00e0 offrir des programmes \u00e0 fort impact pour les enfants et les jeunes.<\/p>\n<p>[\/vc_column_text][\/vc_column][\/vc_row][vc_row gap=\u00a0\u00bb30&Prime; css=\u00a0\u00bb.vc_custom_1713793175168{margin-top: 30px !important;}\u00a0\u00bb][vc_column width=\u00a0\u00bb1\/3&Prime;][vc_single_image image=\u00a0\u00bb2116&Prime; img_size=\u00a0\u00bbfull\u00a0\u00bb alignment=\u00a0\u00bbcenter\u00a0\u00bb css=\u00a0\u00bb\u00a0\u00bb][\/vc_column][vc_column width=\u00a0\u00bb2\/3&Prime;][vc_custom_heading text=\u00a0\u00bbJay Valiquette\u00a0\u00bb font_container=\u00a0\u00bbtag:h3|text_align:left|color:%23222222&Prime; use_theme_fonts=\u00a0\u00bbyes\u00a0\u00bb css=\u00a0\u00bb\u00a0\u00bb el_id=\u00a0\u00bbtxt-600&Prime;][vc_custom_heading text=\u00a0\u00bbFondateur et Directeur\u00a0\u00bb font_container=\u00a0\u00bbtag:p|font_size:18px|text_align:left|color:%23a31d36&Prime; use_theme_fonts=\u00a0\u00bbyes\u00a0\u00bb css=\u00a0\u00bb\u00a0\u00bb el_id=\u00a0\u00bbtxt-500&Prime;][vc_column_text css=\u00a0\u00bb\u00a0\u00bb el_class=\u00a0\u00bbtxt-just\u00a0\u00bb]Jay Valiquette est un \u00e9ducateur chevronn\u00e9, strat\u00e8ge et b\u00e2tisseur de communaut\u00e9, cumulant plus de 30 ans d\u2019exp\u00e9rience consacr\u00e9s au d\u00e9veloppement des enfants et des jeunes adultes. Il est le fondateur de la Fondation Valiquette, une organisation qu\u2019il a b\u00e2tie de toutes pi\u00e8ces et qui figure aujourd\u2019hui parmi les initiatives jeunesse les plus marquantes \u00e0 Montr\u00e9al.<\/p>\n<p>Depuis plus d\u2019une d\u00e9cennie, Jay a con\u00e7u et d\u00e9velopp\u00e9 un \u00e9cosyst\u00e8me complet de programmes int\u00e9grant les apprentissages acad\u00e9miques, les comp\u00e9tences de vie, l\u2019intelligence \u00e9motionnelle, le d\u00e9veloppement du leadership et la litt\u00e9ratie financi\u00e8re. Son travail s\u2019\u00e9tend \u00e0 des initiatives acad\u00e9miques, des camps, des programmes de r\u00e9ussite jeunesse, des parcours d\u2019employabilit\u00e9 et des actions d\u2019envergure en d\u00e9veloppement communautaire \u2013 soutenant collectivement des milliers d\u2019enfants et de familles.<\/p>\n<p>Par l\u2019entremise de la Fondation, Jay a soutenu plus de 1 500 \u00e9l\u00e8ves sur le plan acad\u00e9mique et contribu\u00e9 au d\u00e9veloppement de plus de 9 000 campeurs. L\u2019organisation a \u00e9galement mobilis\u00e9 plus de 300 b\u00e9n\u00e9voles et recueilli plus de 250 000 $ pour soutenir des programmes destin\u00e9s \u00e0 la jeunesse.<\/p>\n<p>Au d\u00e9but de sa carri\u00e8re, Jay a travaill\u00e9 de fa\u00e7on approfondie avec des \u00e9coles priv\u00e9es et publiques, accompagnant et encadrant des jeunes dans une grande diversit\u00e9 de milieux \u00e9ducatifs et communautaires \u2013 une exp\u00e9rience qui continue d\u2019alimenter l\u2019approche concr\u00e8te, rigoureuse et ax\u00e9e sur les r\u00e9sultats de la Fondation.<\/p>\n<p>Il a re\u00e7u le prix \u00ab Decade of Extraordinary Community Service and Educational Leadership \u00bb de la Montreal Community Cares Foundation.<\/p>\n<p>Le travail de Jay se distingue par une approche hautement personnalis\u00e9e et orient\u00e9e vers les r\u00e9sultats, visant \u00e0 d\u00e9velopper la confiance, la discipline et des trajectoires de r\u00e9ussite durables chez des jeunes qui n\u2019ont souvent pas acc\u00e8s \u00e0 de telles opportunit\u00e9s. Sa force r\u00e9side non seulement dans sa capacit\u00e9 \u00e0 enseigner, mais aussi dans son aptitude \u00e0 b\u00e2tir des syst\u00e8mes, mobiliser les individus et cr\u00e9er des environnements dans lesquels les jeunes peuvent progresser et s\u2019\u00e9panouir de mani\u00e8re constante.<\/p>\n<p>Son leadership allie vision, ex\u00e9cution et r\u00e9silience, positionnant la Fondation comme un acteur s\u00e9rieux et durable dans la formation de la prochaine g\u00e9n\u00e9ration de jeunes.[\/vc_column_text][\/vc_column][\/vc_row][vc_row gap=\u00a0\u00bb30&Prime;][vc_column width=\u00a0\u00bb1\/3&Prime;][vc_single_image image=\u00a0\u00bb1749&Prime; img_size=\u00a0\u00bbfull\u00a0\u00bb alignment=\u00a0\u00bbcenter\u00a0\u00bb css=\u00a0\u00bb\u00a0\u00bb][\/vc_column][vc_column width=\u00a0\u00bb2\/3&Prime;][vc_custom_heading text=\u00a0\u00bbGeorge Kiorpelidis Jr\u00a0\u00bb font_container=\u00a0\u00bbtag:h3|text_align:left|color:%23222222&Prime; use_theme_fonts=\u00a0\u00bbyes\u00a0\u00bb css=\u00a0\u00bb\u00a0\u00bb][vc_custom_heading text=\u00a0\u00bbPr\u00e9sident du conseil\u00a0\u00bb font_container=\u00a0\u00bbtag:p|font_size:18px|text_align:left|color:%23a31d36&Prime; use_theme_fonts=\u00a0\u00bbyes\u00a0\u00bb css=\u00a0\u00bb\u00a0\u00bb el_id=\u00a0\u00bbtxt-500&Prime;][vc_column_text css=\u00a0\u00bb\u00a0\u00bb el_class=\u00a0\u00bbtxt-just\u00a0\u00bb]George apporte sa passion pour aider les entreprises et les organisations \u00e0 atteindre leur plein potentiel. En tirant parti des meilleurs professionnels et des derni\u00e8res informations, nous connectons les entreprises, grandes et petites, aux services financiers et de conseil dont elles ont besoin pour favoriser leur croissance.<\/p>\n<p>Former et d\u00e9velopper d\u00e8s aujourd\u2019hui les leaders de demain garantit que la culture de votre organisation r\u00e9ussira \u00e0 attirer et \u00e0 retenir les meilleurs employ\u00e9s. Ayant travaill\u00e9 et appris le monde des affaires aupr\u00e8s de certains des meilleurs noms du secteur de la technologie d&rsquo;entreprise tels que Nortel, NEC et Future Electronics, l&rsquo;exp\u00e9rience de George dans le secteur de la technologie et en tant qu&rsquo;entrepreneur s&rsquo;est av\u00e9r\u00e9e inestimable pour sa carri\u00e8re de coach d&rsquo;affaires.[\/vc_column_text][\/vc_column][\/vc_row][vc_row gap=\u00a0\u00bb30&Prime;][vc_column width=\u00a0\u00bb1\/3&Prime;][vc_single_image image=\u00a0\u00bb1754&Prime; img_size=\u00a0\u00bbfull\u00a0\u00bb alignment=\u00a0\u00bbcenter\u00a0\u00bb css=\u00a0\u00bb\u00a0\u00bb][\/vc_column][vc_column width=\u00a0\u00bb2\/3&Prime;][vc_custom_heading text=\u00a0\u00bbDavid Bounic\u00a0\u00bb font_container=\u00a0\u00bbtag:h3|text_align:left|color:%23222222&Prime; use_theme_fonts=\u00a0\u00bbyes\u00a0\u00bb css=\u00a0\u00bb\u00a0\u00bb][vc_column_text css=\u00a0\u00bb\u00a0\u00bb el_class=\u00a0\u00bbtxt-just\u00a0\u00bb]Asserment\u00e9 au Barreau du Qu\u00e9bec en d\u00e9cembre 1997, David \u0153uvre tant en litige qu&rsquo;en n\u00e9gociation. Il met l&rsquo;accent sur une communication claire (surtout dans les situations difficiles) ainsi que sur des solutions pratiques et raisonnables.[\/vc_column_text][\/vc_column][\/vc_row][vc_row gap=\u00a0\u00bb30&Prime;][vc_column width=\u00a0\u00bb1\/3&Prime;][vc_single_image image=\u00a0\u00bb1748&Prime; img_size=\u00a0\u00bbfull\u00a0\u00bb alignment=\u00a0\u00bbcenter\u00a0\u00bb css=\u00a0\u00bb\u00a0\u00bb][\/vc_column][vc_column width=\u00a0\u00bb2\/3&Prime;][vc_custom_heading text=\u00a0\u00bbIlan Sarid\u00a0\u00bb font_container=\u00a0\u00bbtag:h3|text_align:left|color:%23222222&Prime; use_theme_fonts=\u00a0\u00bbyes\u00a0\u00bb css=\u00a0\u00bb\u00a0\u00bb][vc_column_text css=\u00a0\u00bb\u00a0\u00bb el_class=\u00a0\u00bbtxt-just\u00a0\u00bb]Passionn\u00e9 d&rsquo;associations caritatives et ayant des programmes structur\u00e9s utilisant l&rsquo;assurance vie comme outil permettant de faire un don, de cr\u00e9er des fondations familiales ou des fonds de dotation sans avoir \u00e0 d\u00e9bourser de sa poche.<\/p>\n<p>Je serai heureux de rencontrer les comptables et les avocats de votre famille pour vous fournir des d\u00e9tails et r\u00e9pondre \u00e0 vos questions.<\/p>\n<p>Sp\u00e9cialit\u00e9s : Dons de bienfaisance d&rsquo;une mani\u00e8re fiscalement avantageuse \u00e0 l&rsquo;aide d&rsquo;outils d&rsquo;assurance-vie.[\/vc_column_text][\/vc_column][\/vc_row][vc_row gap=\u00a0\u00bb30&Prime;][vc_column width=\u00a0\u00bb1\/3&Prime;][vc_single_image image=\u00a0\u00bb2950&Prime; img_size=\u00a0\u00bbfull\u00a0\u00bb alignment=\u00a0\u00bbcenter\u00a0\u00bb css=\u00a0\u00bb\u00a0\u00bb][\/vc_column][vc_column width=\u00a0\u00bb2\/3&Prime;][vc_custom_heading text=\u00a0\u00bbGenevi\u00e9ve Siko\u00a0\u00bb font_container=\u00a0\u00bbtag:h3|text_align:left|color:%23222222&Prime; use_theme_fonts=\u00a0\u00bbyes\u00a0\u00bb css=\u00a0\u00bb\u00a0\u00bb][vc_column_text css=\u00a0\u00bb\u00a0\u00bb el_class=\u00a0\u00bbtxt-just\u00a0\u00bb]Genevi\u00e8ve Siko est profond\u00e9ment passionn\u00e9e par l\u2019humain et le d\u00e9veloppement du leadership. Certifi\u00e9e au Profil NOVA, elle accompagne les leaders et leurs \u00e9quipes afin de d\u00e9velopper une meilleure connaissance de soi, renforcer la collaboration et atteindre leur plein potentiel.<\/p>\n<p>Avec plus de 30 ans d\u2019exp\u00e9rience dans le monde des affaires, elle a accompagn\u00e9 des leaders et des entrepreneurs dans un large \u00e9ventail de secteurs, notamment l\u2019immobilier, l\u2019\u00e9ducation, le domaine juridique, pharmaceutique et municipal. Son parcours \u2013 allant de fonctions administratives \u00e0 des r\u00f4les de direction \u2013 lui conf\u00e8re une compr\u00e9hension concr\u00e8te et pragmatique des r\u00e9alit\u00e9s et des d\u00e9fis auxquels font face les gestionnaires d\u2019aujourd\u2019hui.<\/p>\n<p>Genevi\u00e8ve se distingue par sa grande \u00e9coute, son authenticit\u00e9 et sa capacit\u00e9 \u00e0 \u00e9tablir rapidement un climat de confiance. Elle aide les leaders \u00e0 reconna\u00eetre leurs forces, \u00e0 surmonter leurs d\u00e9fis et \u00e0 mobiliser leurs \u00e9quipes autour d\u2019objectifs communs.<\/p>\n<p>Elle croit fermement que chaque individu poss\u00e8de un potentiel unique, et que le r\u00f4le du leader est de le r\u00e9v\u00e9ler et de le faire grandir. Par son approche humaine, authentique et mobilisatrice, Genevi\u00e8ve contribue \u00e0 b\u00e2tir des \u00e9quipes plus solides, plus engag\u00e9es et plus \u00e9panouies.[\/vc_column_text][\/vc_column][\/vc_row][vc_row css=\u00a0\u00bb.vc_custom_1716382546470{margin-top: 30px !important;}\u00a0\u00bb][vc_column][vc_custom_heading text=\u00a0\u00bbConseillers aupr\u00e8s du Conseil\u00a0\u00bb font_container=\u00a0\u00bbtag:h1|text_align:center|color:%23a31d36&Prime; use_theme_fonts=\u00a0\u00bbyes\u00a0\u00bb css=\u00a0\u00bb\u00a0\u00bb][vc_column_text css=\u00a0\u00bb\u00a0\u00bb]<\/p>\n<p style=\"text-align: center;\">Les conseillers aupr\u00e8s du Conseil apportent une expertise sp\u00e9cialis\u00e9e, une vision strat\u00e9gique et une perspective externe afin de soutenir la croissance et l\u2019\u00e9volution continues de la Fondation Valiquette. Bien qu\u2019ils ne participent pas \u00e0 la gouvernance formelle, ils jouent un r\u00f4le cl\u00e9 dans le renforcement de la prise de d\u00e9cision, l\u2019\u00e9largissement des r\u00e9seaux et l\u2019accroissement de l\u2019impact global de l\u2019organisation.<\/p>\n<p>[\/vc_column_text][\/vc_column][\/vc_row][vc_row gap=\u00a0\u00bb30&Prime; css=\u00a0\u00bb.vc_custom_1716382557489{margin-top: 30px !important;}\u00a0\u00bb][vc_column width=\u00a0\u00bb1\/3&Prime;][vc_single_image image=\u00a0\u00bb2053&Prime; img_size=\u00a0\u00bbfull\u00a0\u00bb alignment=\u00a0\u00bbcenter\u00a0\u00bb css=\u00a0\u00bb\u00a0\u00bb][\/vc_column][vc_column width=\u00a0\u00bb2\/3&Prime;][vc_custom_heading text=\u00a0\u00bbSheri Elefant\u00a0\u00bb font_container=\u00a0\u00bbtag:h3|text_align:left|color:%23222222&Prime; use_theme_fonts=\u00a0\u00bbyes\u00a0\u00bb css=\u00a0\u00bb\u00a0\u00bb][vc_column_text css=\u00a0\u00bb\u00a0\u00bb el_class=\u00a0\u00bbtxt-just\u00a0\u00bb]Ses enfants sont la plus grande r\u00e9ussite de sa vie. Originaire de New York, Sheri a d\u00e9but\u00e9 sa vie professionnelle dans la publicit\u00e9, travaillant sur des lancements de produits et des n\u00e9gociations m\u00e9diatiques dans un secteur dynamique g\u00e9n\u00e9rant des millions de dollars de revenus. Sa d\u00e9cision de quitter Madison Avenue n\u2019a pas \u00e9t\u00e9 difficile puisque l\u2019opportunit\u00e9 la plus grande et la plus exigeante de sa vie l\u2019attendait : \u00e9lever des enfants.<\/p>\n<p>Elle a commenc\u00e9 sa carri\u00e8re dans le domaine \u00e0 but non lucratif en tant que co-fondatrice de la Trevor Williams Kids Foundation. Elle a ensuite cofond\u00e9 un espace d&rsquo;apprentissage sur la durabilit\u00e9 du 21e si\u00e8cle \u00e0 but non lucratif appel\u00e9 Genvironment. Sheri si\u00e8ge \u00e9galement au conseil consultatif de Clickto, une startup de technologie \u00e9ducative n\u00e9e de la n\u00e9cessit\u00e9 de r\u00e9soudre les probl\u00e8mes li\u00e9s \u00e0 l&rsquo;apprentissage \u00e0 distance. Cr\u00e9er de la valeur sociale, placer les jeunes, nos futurs agents de changement, au centre des conversations sur les questions sociales et donner de l&rsquo;ampleur \u00e0 tout ce qu&rsquo;elle fait lui tient \u00e0 c\u0153ur.[\/vc_column_text][\/vc_column][\/vc_row][vc_row gap=\u00a0\u00bb30&Prime;][vc_column width=\u00a0\u00bb1\/3&Prime;][vc_single_image image=\u00a0\u00bb2054&Prime; img_size=\u00a0\u00bbfull\u00a0\u00bb alignment=\u00a0\u00bbcenter\u00a0\u00bb css=\u00a0\u00bb\u00a0\u00bb][\/vc_column][vc_column width=\u00a0\u00bb2\/3&Prime;][vc_custom_heading text=\u00a0\u00bbJack Fattal\u00a0\u00bb font_container=\u00a0\u00bbtag:h3|text_align:left|color:%23222222&Prime; use_theme_fonts=\u00a0\u00bbyes\u00a0\u00bb css=\u00a0\u00bb\u00a0\u00bb][vc_column_text css=\u00a0\u00bb\u00a0\u00bb el_class=\u00a0\u00bbtxt-just\u00a0\u00bb]Jack travaille avec des cabinets d&rsquo;avocats en droit des soci\u00e9t\u00e9s et en valeurs mobili\u00e8res ainsi qu&rsquo;avec des soci\u00e9t\u00e9s de d\u00e9veloppement immobilier et d&rsquo;investissement.<\/p>\n<p>Son expertise juridique et sa ma\u00eetrise de quatre langues lui ont permis d&rsquo;acqu\u00e9rir une exp\u00e9rience internationale.[\/vc_column_text][\/vc_column][\/vc_row][vc_row css=\u00a0\u00bb.vc_custom_1716382579115{margin-top: 30px !important;}\u00a0\u00bb][vc_column][vc_custom_heading text=\u00a0\u00bbNotre \u00e9quipe\u00a0\u00bb font_container=\u00a0\u00bbtag:h1|text_align:center|color:%23a31d36&Prime; use_theme_fonts=\u00a0\u00bbyes\u00a0\u00bb css=\u00a0\u00bb\u00a0\u00bb][vc_column_text css=\u00a0\u00bb\u00a0\u00bb]<\/p>\n<p style=\"text-align: center;\">Notre \u00e9quipe est responsable de la direction quotidienne et de la mise en \u0153uvre des op\u00e9rations et des programmes de la Fondation. Compos\u00e9e de professionnels d\u00e9vou\u00e9s en administration, en op\u00e9rations et en gestion de programmes, elle assure la structure, la constance et la r\u00e9alisation efficace de notre mission.<\/p>\n<p>[\/vc_column_text][\/vc_column][\/vc_row][vc_row gap=\u00a0\u00bb30&Prime; css=\u00a0\u00bb.vc_custom_1713793175168{margin-top: 30px !important;}\u00a0\u00bb][vc_column width=\u00a0\u00bb1\/3&Prime;][vc_single_image image=\u00a0\u00bb2129&Prime; img_size=\u00a0\u00bbfull\u00a0\u00bb alignment=\u00a0\u00bbcenter\u00a0\u00bb css=\u00a0\u00bb\u00a0\u00bb][vc_custom_heading text=\u00a0\u00bbSharon\u00a0\u00bb font_container=\u00a0\u00bbtag:h4|text_align:center|color:%23222222&Prime; use_theme_fonts=\u00a0\u00bbyes\u00a0\u00bb css=\u00a0\u00bb\u00a0\u00bb][vc_custom_heading text=\u00a0\u00bbChef de l&rsquo;administration\u00a0\u00bb font_container=\u00a0\u00bbtag:p|font_size:18px|text_align:center|color:%23a31d36&Prime; use_theme_fonts=\u00a0\u00bbyes\u00a0\u00bb css=\u00a0\u00bb\u00a0\u00bb el_id=\u00a0\u00bbtxt-500&Prime;][vc_column_text css=\u00a0\u00bb\u00a0\u00bb]<\/p>\n<p style=\"text-align: center;\">Sharon a une formation en gestion d\u2019entreprise et en ressources humaines. Elle poss\u00e8de plus de 14 ans d\u2019exp\u00e9rience en gestion de bureau et en facilitation de services.<\/p>\n<p>[\/vc_column_text][\/vc_column][vc_column width=\u00a0\u00bb1\/3&Prime;][vc_single_image image=\u00a0\u00bb1750&Prime; img_size=\u00a0\u00bbfull\u00a0\u00bb alignment=\u00a0\u00bbcenter\u00a0\u00bb css=\u00a0\u00bb\u00a0\u00bb][vc_custom_heading text=\u00a0\u00bbHellen\u00a0\u00bb font_container=\u00a0\u00bbtag:h4|text_align:center|color:%23222222&Prime; use_theme_fonts=\u00a0\u00bbyes\u00a0\u00bb css=\u00a0\u00bb\u00a0\u00bb][vc_custom_heading text=\u00a0\u00bbChef des op\u00e9rations\u00a0\u00bb font_container=\u00a0\u00bbtag:p|font_size:18px|text_align:center|color:%23a31d36&Prime; use_theme_fonts=\u00a0\u00bbyes\u00a0\u00bb css=\u00a0\u00bb\u00a0\u00bb el_id=\u00a0\u00bbtxt-500&Prime;][vc_column_text css=\u00a0\u00bb\u00a0\u00bb]<\/p>\n<p style=\"text-align: center;\">Hellen a rejoint l&rsquo;\u00e9quipe Valiquette en 2019 et depuis elle nous aide dans les t\u00e2ches administratives de l&rsquo;acad\u00e9mie. L\u2019attention qu&rsquo;elle porte au d\u00e9tail et \u00e0 la cr\u00e9ation de syst\u00e8mes efficaces garantit que chaque aspect de nos op\u00e9rations est optimis\u00e9.<\/p>\n<p>[\/vc_column_text][\/vc_column][vc_column width=\u00a0\u00bb1\/3&Prime;][vc_single_image image=\u00a0\u00bb1751&Prime; img_size=\u00a0\u00bbfull\u00a0\u00bb alignment=\u00a0\u00bbcenter\u00a0\u00bb css=\u00a0\u00bb\u00a0\u00bb][vc_custom_heading text=\u00a0\u00bbFrank\u00a0\u00bb font_container=\u00a0\u00bbtag:h4|text_align:center|color:%23222222&Prime; use_theme_fonts=\u00a0\u00bbyes\u00a0\u00bb css=\u00a0\u00bb\u00a0\u00bb][vc_custom_heading text=\u00a0\u00bbChef du camp d&rsquo;\u00e9t\u00e9\u00a0\u00bb font_container=\u00a0\u00bbtag:p|font_size:18px|text_align:center|color:%23a31d36&Prime; use_theme_fonts=\u00a0\u00bbyes\u00a0\u00bb css=\u00a0\u00bb\u00a0\u00bb el_id=\u00a0\u00bbtxt-500&Prime;][vc_column_text css=\u00a0\u00bb\u00a0\u00bb]<\/p>\n<p style=\"text-align: center;\">Frank fait partie de la Fondation Valiquette depuis la majeure partie de la derni\u00e8re d\u00e9cennie, auparavant \u00e9tudiant et travaillant maintenant \u00e0 titre de gestionnaire de notre camp d&rsquo;\u00e9t\u00e9.<\/p>\n<p>[\/vc_column_text][\/vc_column][\/vc_row]<\/p>\n<\/div>","protected":false},"excerpt":{"rendered":"<p>[vc_row full_width=\u00a0\u00bbstretch_row_content\u00a0\u00bb el_id=\u00a0\u00bbhero-2&Prime; css=\u00a0\u00bb.vc_custom_1665666948886{padding-top: 30px !important;padding-bottom: 30px !important;background-color: #a31d36 !important;}\u00a0\u00bb][vc_column][vc_custom_heading text=\u00a0\u00bbFondation Valiquette &#8211; Conseil des &#8230; <a title=\"Conseil des Gouverneurs\" class=\"read-more\" href=\"https:\/\/valiquette.org\/fr\/conseil-des-gouverneurs\/\" aria-label=\"Read more about Conseil des Gouverneurs\">Voir plus<\/a><\/p>\n","protected":false},"author":1,"featured_media":0,"parent":0,"menu_order":0,"comment_status":"closed","ping_status":"closed","template":"","meta":{"inline_featured_image":false,"footnotes":""},"class_list":["post-1727","page","type-page","status-publish"],"_links":{"self":[{"href":"https:\/\/valiquette.org\/fr\/wp-json\/wp\/v2\/pages\/1727","targetHints":{"allow":["GET"]}}],"collection":[{"href":"https:\/\/valiquette.org\/fr\/wp-json\/wp\/v2\/pages"}],"about":[{"href":"https:\/\/valiquette.org\/fr\/wp-json\/wp\/v2\/types\/page"}],"author":[{"embeddable":true,"href":"https:\/\/valiquette.org\/fr\/wp-json\/wp\/v2\/users\/1"}],"replies":[{"embeddable":true,"href":"https:\/\/valiquette.org\/fr\/wp-json\/wp\/v2\/comments?post=1727"}],"version-history":[{"count":23,"href":"https:\/\/valiquette.org\/fr\/wp-json\/wp\/v2\/pages\/1727\/revisions"}],"predecessor-version":[{"id":2955,"href":"https:\/\/valiquette.org\/fr\/wp-json\/wp\/v2\/pages\/1727\/revisions\/2955"}],"wp:attachment":[{"href":"https:\/\/valiquette.org\/fr\/wp-json\/wp\/v2\/media?parent=1727"}],"curies":[{"name":"wp","href":"https:\/\/api.w.org\/{rel}","templated":true}]}}