{"id":2093,"date":"2024-06-05T12:46:43","date_gmt":"2024-06-05T16:46:43","guid":{"rendered":"https:\/\/valiquette.org\/?page_id=2069"},"modified":"2024-06-05T12:47:04","modified_gmt":"2024-06-05T16:47:04","slug":"commanditaires-corporatifs","status":"publish","type":"page","link":"https:\/\/valiquette.org\/fr\/commanditaires-corporatifs\/","title":{"rendered":"Commanditaires Corporatifs"},"content":{"rendered":"<div class=\"wpb-content-wrapper\"><p>[vc_row full_width=\u00a0\u00bbstretch_row_content\u00a0\u00bb css=\u00a0\u00bb.vc_custom_1717602920164{padding-top: 10px !important;padding-bottom: 10px !important;background-color: #a31d36 !important;}\u00a0\u00bb][vc_column][vc_custom_heading text=\u00a0\u00bbCommanditaires Corporatifs\u00a0\u00bb font_container=\u00a0\u00bbtag:h2|text_align:center|color:%23ffffff\u00a0\u00bb use_theme_fonts=\u00a0\u00bbyes\u00a0\u00bb css=\u00a0\u00bb\u00a0\u00bb][vc_custom_heading text=\u00a0\u00bbDevenez une entreprise commanditaire aujourd&rsquo;hui!\u00a0\u00bb font_container=\u00a0\u00bbtag:p|font_size:18px|text_align:center|color:%23ffffff\u00a0\u00bb use_theme_fonts=\u00a0\u00bbyes\u00a0\u00bb css=\u00a0\u00bb\u00a0\u00bb][\/vc_column][\/vc_row][vc_row css=\u00a0\u00bb.vc_custom_1717603993403{margin-top: 30px !important;}\u00a0\u00bb][vc_column][vc_custom_heading text=\u00a0\u00bbCommanditaires corporatifs\u00a0\u00bb font_container=\u00a0\u00bbtag:h2|text_align:left|color:%23a31d36&Prime; use_theme_fonts=\u00a0\u00bbyes\u00a0\u00bb css=\u00a0\u00bb\u00a0\u00bb][vc_separator color=\u00a0\u00bbcustom\u00a0\u00bb align=\u00a0\u00bbalign_left\u00a0\u00bb border_width=\u00a0\u00bb2&Prime; el_width=\u00a0\u00bb30&Prime; css=\u00a0\u00bb\u00a0\u00bb accent_color=\u00a0\u00bb#27397c\u00a0\u00bb][\/vc_column][\/vc_row][vc_row gap=\u00a0\u00bb30&Prime; content_placement=\u00a0\u00bbmiddle\u00a0\u00bb css=\u00a0\u00bb.vc_custom_1717603579420{margin-top: 30px !important;}\u00a0\u00bb][vc_column width=\u00a0\u00bb1\/3&Prime;][vc_single_image image=\u00a0\u00bb2094&Prime; img_size=\u00a0\u00bbfull\u00a0\u00bb alignment=\u00a0\u00bbcenter\u00a0\u00bb onclick=\u00a0\u00bbcustom_link\u00a0\u00bb img_link_target=\u00a0\u00bb_blank\u00a0\u00bb css=\u00a0\u00bb\u00a0\u00bb link=\u00a0\u00bbhttps:\/\/boutiqueabc.com\/\u00a0\u00bb][\/vc_column][vc_column width=\u00a0\u00bb2\/3&Prime;][vc_column_text css=\u00a0\u00bb\u00a0\u00bb]BoutiqueABC a commenc\u00e9 \u00e0 offrir ses services \u00e0 la Fondation Valiquette en mati\u00e8re de gestion de sites Web et de r\u00e9seaux sociaux en 2021. Situ\u00e9s \u00e0 proximit\u00e9 de chez nous, ils voient r\u00e9guli\u00e8rement les enfants et les familles que nous aidons et par cons\u00e9quent, ils ont \u00e9t\u00e9 extr\u00eamement g\u00e9n\u00e9reux.<\/p>\n<p>R\u00e9cemment, ils nous ont \u00e9tendu leurs services avec la publicit\u00e9 num\u00e9rique. Merci \u00e0 Jason Statlander et \u00e0 son \u00e9quipe pour leurs conseils, pour leur travail acharn\u00e9 et pour leur soutien![\/vc_column_text][\/vc_column][\/vc_row][vc_row gap=\u00a0\u00bb30&Prime; content_placement=\u00a0\u00bbmiddle\u00a0\u00bb][vc_column width=\u00a0\u00bb1\/3&Prime;][vc_single_image image=\u00a0\u00bb2097&Prime; img_size=\u00a0\u00bbfull\u00a0\u00bb alignment=\u00a0\u00bbcenter\u00a0\u00bb onclick=\u00a0\u00bbcustom_link\u00a0\u00bb img_link_target=\u00a0\u00bb_blank\u00a0\u00bb css=\u00a0\u00bb\u00a0\u00bb link=\u00a0\u00bbhttps:\/\/www.iga.net\/\u00a0\u00bb][\/vc_column][vc_column width=\u00a0\u00bb2\/3&Prime;][vc_column_text css=\u00a0\u00bb\u00a0\u00bb]IGA Van Horne s&rsquo;est associ\u00e9 \u00e0 la Fondation Valiquette pour plusieurs campagnes de financement au fil des ans, notamment \u00abKids at Cash \u00bb.<\/p>\n<p>IGA Van Horne a \u00e9galement \u00e9t\u00e9 un commanditaire essentiel de notre f\u00eate de No\u00ebl annuelle en fournissant de la nourriture, des boissons et de la vaisselle.<\/p>\n<p>IGA Van Horne est une partie importante de nos op\u00e9rations et nous les remercions profond\u00e9ment ![\/vc_column_text][\/vc_column][\/vc_row][vc_row gap=\u00a0\u00bb30&Prime; content_placement=\u00a0\u00bbmiddle\u00a0\u00bb][vc_column width=\u00a0\u00bb1\/3&Prime;][vc_custom_heading text=\u00a0\u00bbStephen C. Pollock Accounting\u00a0\u00bb font_container=\u00a0\u00bbtag:h2|text_align:center|color:%23222222&Prime; use_theme_fonts=\u00a0\u00bbyes\u00a0\u00bb css=\u00a0\u00bb\u00a0\u00bb][\/vc_column][vc_column width=\u00a0\u00bb2\/3&Prime;][vc_column_text css=\u00a0\u00bb\u00a0\u00bb]Chaque ann\u00e9e, la Fondation Valiquette s&rsquo;agrandit et s&rsquo;am\u00e9liore, ce qui n\u00e9cessite de meilleurs syst\u00e8mes comptables. Stephen Pollock s&rsquo;associe \u00e0 nous depuis 2020 pour fournir des services de comptabilit\u00e9 et il l&rsquo;a fait tr\u00e8s g\u00e9n\u00e9reusement et gratuitement.<\/p>\n<p>Merci \u00e0 Stephen Pollock pour son temps, pour ses efforts et pour son soutien.[\/vc_column_text][\/vc_column][\/vc_row][vc_row gap=\u00a0\u00bb30&Prime; content_placement=\u00a0\u00bbmiddle\u00a0\u00bb][vc_column width=\u00a0\u00bb1\/3&Prime;][vc_single_image image=\u00a0\u00bb2098&Prime; img_size=\u00a0\u00bbfull\u00a0\u00bb alignment=\u00a0\u00bbcenter\u00a0\u00bb onclick=\u00a0\u00bbcustom_link\u00a0\u00bb img_link_target=\u00a0\u00bb_blank\u00a0\u00bb css=\u00a0\u00bb\u00a0\u00bb link=\u00a0\u00bbhttps:\/\/www.studioweb.com\/\u00a0\u00bb][\/vc_column][vc_column width=\u00a0\u00bb2\/3&Prime;][vc_column_text css=\u00a0\u00bb\u00a0\u00bb]Studioweb est une plateforme d&rsquo;apprentissage ludique o\u00f9 les enfants peuvent apprendre plusieurs langages de programmation. Gr\u00e2ce \u00e0 cette plateforme, nous sommes en mesure de proposer un programme de d\u00e9veloppement de sites Web dans lequel les \u00e9tudiants cr\u00e9ent un site Web personnel et travaillent en \u00e9quipe pour produire un produit pour la Fondation Valiquette.<\/p>\n<p>Ils ont g\u00e9n\u00e9reusement offert notre premier trimestre scolaire gratuitement ! Merci \u00e0 un grand ami de la fondation, Stefan Mischook pour le partenariat.[\/vc_column_text][\/vc_column][\/vc_row][vc_row gap=\u00a0\u00bb30&Prime; content_placement=\u00a0\u00bbmiddle\u00a0\u00bb][vc_column width=\u00a0\u00bb1\/3&Prime;][vc_single_image image=\u00a0\u00bb2100&Prime; img_size=\u00a0\u00bbfull\u00a0\u00bb alignment=\u00a0\u00bbcenter\u00a0\u00bb onclick=\u00a0\u00bbcustom_link\u00a0\u00bb img_link_target=\u00a0\u00bb_blank\u00a0\u00bb css=\u00a0\u00bb\u00a0\u00bb link=\u00a0\u00bbhttps:\/\/www.facebook.com\/darafaithproject\/\u00a0\u00bb][\/vc_column][vc_column width=\u00a0\u00bb2\/3&Prime;][vc_column_text css=\u00a0\u00bb\u00a0\u00bb]La Fondation Dara-Faith collecte les ordinateurs inutiles, les modernise et les donne aux personnes dans le besoin.<\/p>\n<p>En 2021, la Fondation Valiquette d\u00e9bute son partenariat avec eux. Depuis, nous avons distribu\u00e9 plus de 80 ordinateurs \u00e0 des familles dans le besoin.<\/p>\n<p>Gr\u00e2ce \u00e0 leurs efforts, les enfants qui \u00e9tudient dans notre programme de codage ont \u00e9galement re\u00e7u des ordinateurs portables leur permettant de participer au cours et d&rsquo;\u00e9tudier \u00e0 la maison.[\/vc_column_text][\/vc_column][\/vc_row][vc_row css=\u00a0\u00bb.vc_custom_1717604019617{margin-top: 30px !important;}\u00a0\u00bb][vc_column][vc_separator css=\u00a0\u00bb\u00a0\u00bb][\/vc_column][\/vc_row][vc_row css=\u00a0\u00bb.vc_custom_1717603993403{margin-top: 30px !important;}\u00a0\u00bb][vc_column][vc_custom_heading text=\u00a0\u00bbPartenaires de collecte de fonds\u00a0\u00bb font_container=\u00a0\u00bbtag:h2|text_align:left|color:%23a31d36&Prime; use_theme_fonts=\u00a0\u00bbyes\u00a0\u00bb css=\u00a0\u00bb\u00a0\u00bb][vc_separator color=\u00a0\u00bbcustom\u00a0\u00bb align=\u00a0\u00bbalign_left\u00a0\u00bb border_width=\u00a0\u00bb2&Prime; el_width=\u00a0\u00bb30&Prime; css=\u00a0\u00bb\u00a0\u00bb accent_color=\u00a0\u00bb#27397c\u00a0\u00bb][\/vc_column][\/vc_row][vc_row gap=\u00a0\u00bb30&Prime; content_placement=\u00a0\u00bbmiddle\u00a0\u00bb][vc_column width=\u00a0\u00bb1\/3&Prime;][vc_single_image image=\u00a0\u00bb2101&Prime; img_size=\u00a0\u00bbfull\u00a0\u00bb alignment=\u00a0\u00bbcenter\u00a0\u00bb onclick=\u00a0\u00bbcustom_link\u00a0\u00bb img_link_target=\u00a0\u00bb_blank\u00a0\u00bb css=\u00a0\u00bb\u00a0\u00bb link=\u00a0\u00bbhttps:\/\/www.actioncoach.com\/\u00a0\u00bb][\/vc_column][vc_column width=\u00a0\u00bb2\/3&Prime;][vc_column_text css=\u00a0\u00bb\u00a0\u00bb]En 2024, la Fondation Valiquette a \u00e9t\u00e9 invit\u00e9e \u00e0 parler de notre association \u00e0 un groupe d&rsquo;entrepreneurs.<\/p>\n<p>Merci \u00e0 George Kiorpelidis pour cette opportunit\u00e9 de r\u00e9seautage ![\/vc_column_text][\/vc_column][\/vc_row][vc_row gap=\u00a0\u00bb30&Prime; content_placement=\u00a0\u00bbmiddle\u00a0\u00bb][vc_column width=\u00a0\u00bb1\/3&Prime;][vc_single_image image=\u00a0\u00bb2102&Prime; img_size=\u00a0\u00bb320&#215;103&Prime; alignment=\u00a0\u00bbcenter\u00a0\u00bb onclick=\u00a0\u00bbcustom_link\u00a0\u00bb img_link_target=\u00a0\u00bb_blank\u00a0\u00bb css=\u00a0\u00bb\u00a0\u00bb link=\u00a0\u00bbhttps:\/\/www.dawsoncollege.qc.ca\/\u00a0\u00bb][\/vc_column][vc_column width=\u00a0\u00bb2\/3&Prime;][vc_column_text css=\u00a0\u00bb\u00a0\u00bb]En 2016, nous nous sommes associ\u00e9s \u00e0 des \u00e9tudiants du programme Community, Recreation &amp; Leadership du Coll\u00e8ge Dawson pour cr\u00e9er une collecte de fonds intitul\u00e9e \u00abRock the Academy\u00bb.<\/p>\n<p>Il y a eu des \u00e9v\u00e9nements de collecte de fonds sur le campus et dans une bo\u00eete de nuit locale o\u00f9 nous avons b\u00e9n\u00e9fici\u00e9 de la vente de billets et d&rsquo;un encan silencieux.<\/p>\n<p>Merci \u00e0 Debbie et au Coll\u00e8ge Dawson pour le partenariat qui nous a permis de r\u00e9colter 2 300 $ ![\/vc_column_text][\/vc_column][\/vc_row][vc_row css=\u00a0\u00bb.vc_custom_1717604019617{margin-top: 30px !important;}\u00a0\u00bb][vc_column][vc_separator css=\u00a0\u00bb\u00a0\u00bb][\/vc_column][\/vc_row][vc_row css=\u00a0\u00bb.vc_custom_1717603993403{margin-top: 30px !important;}\u00a0\u00bb][vc_column][vc_custom_heading text=\u00a0\u00bbContributions gouvernementales\u00a0\u00bb font_container=\u00a0\u00bbtag:h2|text_align:left|color:%23a31d36&Prime; use_theme_fonts=\u00a0\u00bbyes\u00a0\u00bb css=\u00a0\u00bb\u00a0\u00bb][vc_separator color=\u00a0\u00bbcustom\u00a0\u00bb align=\u00a0\u00bbalign_left\u00a0\u00bb border_width=\u00a0\u00bb2&Prime; el_width=\u00a0\u00bb30&Prime; css=\u00a0\u00bb\u00a0\u00bb accent_color=\u00a0\u00bb#27397c\u00a0\u00bb][\/vc_column][\/vc_row][vc_row gap=\u00a0\u00bb30&Prime; content_placement=\u00a0\u00bbmiddle\u00a0\u00bb][vc_column width=\u00a0\u00bb1\/3&Prime;][vc_single_image image=\u00a0\u00bb2103&Prime; img_size=\u00a0\u00bbfull\u00a0\u00bb alignment=\u00a0\u00bbcenter\u00a0\u00bb onclick=\u00a0\u00bbcustom_link\u00a0\u00bb img_link_target=\u00a0\u00bb_blank\u00a0\u00bb css=\u00a0\u00bb\u00a0\u00bb link=\u00a0\u00bbhttps:\/\/www.canada.ca\/en.html\u00a0\u00bb][\/vc_column][vc_column width=\u00a0\u00bb2\/3&Prime;][vc_column_text css=\u00a0\u00bb\u00a0\u00bb]Gr\u00e2ce au CSJ, les employeurs sont encourag\u00e9s \u00e0 cr\u00e9er des exp\u00e9riences de travail d&rsquo;\u00e9t\u00e9 de qualit\u00e9 pour les jeunes \u00e2g\u00e9s de 15 \u00e0 30 ans.<\/p>\n<p>En 2021, nous avons re\u00e7u 43 138 $.<br \/>\nEn 2022, nous avons re\u00e7u 55 174 $.<br \/>\nEn 2023, nous avons re\u00e7u 54 288 $.<br \/>\nEn 2024, nous avons re\u00e7u 15 301 $.<br \/>\nTotal \u00e0 ce jour : 167 901 $[\/vc_column_text][\/vc_column][\/vc_row][vc_row gap=\u00a0\u00bb30&Prime; content_placement=\u00a0\u00bbmiddle\u00a0\u00bb][vc_column width=\u00a0\u00bb1\/3&Prime;][vc_single_image image=\u00a0\u00bb2104&Prime; img_size=\u00a0\u00bbfull\u00a0\u00bb alignment=\u00a0\u00bbcenter\u00a0\u00bb onclick=\u00a0\u00bbcustom_link\u00a0\u00bb img_link_target=\u00a0\u00bb_blank\u00a0\u00bb css=\u00a0\u00bb\u00a0\u00bb link=\u00a0\u00bbhttps:\/\/www.kidscodejeunesse.org\/\u00a0\u00bb][\/vc_column][vc_column width=\u00a0\u00bb2\/3&Prime;][vc_column_text css=\u00a0\u00bb\u00a0\u00bb]Kids Code Jeunesse vise \u00e0 \u00e9largir l&rsquo;acc\u00e8s \u00e0 l&rsquo;\u00e9ducation num\u00e9rique et \u00e0 promouvoir l&rsquo;\u00e9quit\u00e9 dans les communaut\u00e9s \u00e0 travers le Canada en collaborant avec des organisations au service des jeunes.<\/p>\n<p>En 2021, 10 ordinateurs portables ont \u00e9t\u00e9 donn\u00e9s (Thinkpads IBM, 15 pouces) qui sont utilis\u00e9s pour assister nos \u00e9tudiants lors de la programmation de notre Acad\u00e9mie.[\/vc_column_text][\/vc_column][\/vc_row][vc_row full_width=\u00a0\u00bbstretch_row\u00a0\u00bb content_placement=\u00a0\u00bbmiddle\u00a0\u00bb el_id=\u00a0\u00bbhero-2&Prime; css=\u00a0\u00bb.vc_custom_1714675319933{margin-top: 30px !important;padding-top: 30px !important;padding-bottom: 30px !important;background-image: url(https:\/\/valiquette.org\/wp-content\/uploads\/2022\/11\/bg-min-3.jpg?id=815) !important;background-position: center !important;background-repeat: no-repeat !important;background-size: cover !important;}\u00a0\u00bb][vc_column][vc_custom_heading text=\u00a0\u00bbVotre soutien financier est appr\u00e9ci\u00e9\u00a0\u00bb font_container=\u00a0\u00bbtag:h2|text_align:center|color:%23ffffff\u00a0\u00bb use_theme_fonts=\u00a0\u00bbyes\u00a0\u00bb css=\u00a0\u00bb\u00a0\u00bb el_id=\u00a0\u00bbtxt-shadow-1&Prime;][vc_row_inner][vc_column_inner width=\u00a0\u00bb1\/6&Prime;][\/vc_column_inner][vc_column_inner width=\u00a0\u00bb2\/3&Prime;][vc_custom_heading text=\u00a0\u00bbVotre don aidera \u00e0 d\u00e9velopper l&rsquo;esprit des enfants d\u00e9favoris\u00e9s de C\u00f4te-des-Neiges et Notre Dame de Grace (CDN-NDG)\u00a0\u00bb font_container=\u00a0\u00bbtag:p|font_size:18px|text_align:center|color:%23ffffff\u00a0\u00bb use_theme_fonts=\u00a0\u00bbyes\u00a0\u00bb css=\u00a0\u00bb\u00a0\u00bb el_id=\u00a0\u00bbtxt-shadow-2&Prime;][\/vc_column_inner][vc_column_inner width=\u00a0\u00bb1\/6&Prime;][\/vc_column_inner][\/vc_row_inner][\/vc_column][\/vc_row][vc_row gap=\u00a0\u00bb30&Prime; css=\u00a0\u00bb.vc_custom_1668617321233{margin-top: 50px !important;}\u00a0\u00bb][vc_column width=\u00a0\u00bb1\/2&Prime;][vc_custom_heading text=\u00a0\u00bbTravail caritatif pour une multitude de besoins dans notre communaut\u00e9\u00a0\u00bb font_container=\u00a0\u00bbtag:h3|text_align:left|color:%23a31d36&Prime; use_theme_fonts=\u00a0\u00bbyes\u00a0\u00bb css=\u00a0\u00bb\u00a0\u00bb][vc_custom_heading text=\u00a0\u00bbLa Fondation L\u2019Acad\u00e9mie Valiquette\u00a0\u00bb font_container=\u00a0\u00bbtag:p|font_size:18px|text_align:left|color:%23626a73&Prime; use_theme_fonts=\u00a0\u00bbyes\u00a0\u00bb css=\u00a0\u00bb\u00a0\u00bb][vc_separator color=\u00a0\u00bbcustom\u00a0\u00bb align=\u00a0\u00bbalign_left\u00a0\u00bb border_width=\u00a0\u00bb2&Prime; el_width=\u00a0\u00bb20&Prime; accent_color=\u00a0\u00bb#a31d36&Prime;][vc_column_text css=\u00a0\u00bb\u00a0\u00bb]Le travail charitable de la Foundation L\u2019Acad\u00e9mie Valiquette vise \u00e0 r\u00e9pondre \u00e0 une multitude de besoins dans notre communaut\u00e9:<\/p>\n<ul>\n<li>Tutorat gratuit<\/li>\n<li>Frais subventionn\u00e9s pour le camp de la semaine de rela\u0302che en mars et le camp d\u2019\u00e9t\u00e9<\/li>\n<li>Ordinateurs gratuits<\/li>\n<li>Fournitures scolaires gratuites<\/li>\n<li>Ateliers num\u00e9riques et cours de codage<\/li>\n<li>S\u00e9minaires<\/li>\n<li>Soutien nutritionnel<\/li>\n<li>Mentorat et orientation pour les enfants<\/li>\n<li>Assistance aux parents avec l\u2019\u00e9cole, et les enfants en situation pr\u00e9caire<\/li>\n<li>Sensibilisation et soutien de la communaut\u00e9<\/li>\n<\/ul>\n<p>[\/vc_column_text][\/vc_column][vc_column width=\u00a0\u00bb1\/2&Prime;][vc_single_image image=\u00a0\u00bb643&Prime; img_size=\u00a0\u00bb375&#215;250&Prime; alignment=\u00a0\u00bbcenter\u00a0\u00bb onclick=\u00a0\u00bblink_image\u00a0\u00bb][vc_single_image image=\u00a0\u00bb644&Prime; img_size=\u00a0\u00bb375&#215;250&Prime; alignment=\u00a0\u00bbcenter\u00a0\u00bb onclick=\u00a0\u00bblink_image\u00a0\u00bb][\/vc_column][\/vc_row][vc_row][vc_column][vc_separator][\/vc_column][\/vc_row][vc_row gap=\u00a0\u00bb30&Prime; css=\u00a0\u00bb.vc_custom_1668694491017{margin-top: 30px !important;}\u00a0\u00bb][vc_column][vc_row_inner][vc_column_inner width=\u00a0\u00bb1\/2&Prime;][vc_custom_heading text=\u00a0\u00bbCommanditaires corporatifs\u00a0\u00bb font_container=\u00a0\u00bbtag:h3|text_align:left|color:%23a31d36&Prime; use_theme_fonts=\u00a0\u00bbyes\u00a0\u00bb css=\u00a0\u00bb\u00a0\u00bb][vc_custom_heading text=\u00a0\u00bbDevenez une entreprise commanditaire aujourd&rsquo;hui!\u00a0\u00bb font_container=\u00a0\u00bbtag:p|font_size:18px|text_align:left|color:%23626a73&Prime; use_theme_fonts=\u00a0\u00bbyes\u00a0\u00bb css=\u00a0\u00bb\u00a0\u00bb][vc_separator color=\u00a0\u00bbcustom\u00a0\u00bb align=\u00a0\u00bbalign_left\u00a0\u00bb border_width=\u00a0\u00bb2&Prime; el_width=\u00a0\u00bb20&Prime; accent_color=\u00a0\u00bb#a31d36&Prime;][vc_column_text css=\u00a0\u00bb\u00a0\u00bb]La Fondation Acad\u00e9mie Valiquette est un organisme de bienfaisance canadien enregistr\u00e9 (790980148 RR 0001) situ\u00e9 dans l\u2019arrondissement CDN-NDG de Montr\u00e9al. Nous recherchons actuellement des entreprises commanditaires int\u00e9ress\u00e9es \u00e0 rejoindre la communaut\u00e9 locale pour faire une diff\u00e9rence dans la vie des enfants d\u00e9favoris\u00e9s. C\u2019est une occasion unique d\u2019investir dans votre avenir.<\/p>\n<p>Ces enfants et leurs parents investissent dans l\u2019\u00e9ducation et deviendront une partie essentielle de la main-d\u2019\u0153uvre. Votre logo peut orner le t-shirt Camp ou \u00eatre mis en valeur sur notre page d\u2019accueil et sur nos r\u00e9seaux sociaux. Soyez un visionnaire qui investit dans l\u2019avenir, pour commencer \u00e0 changer des vies pour le mieux, contactez Jay Valiquette au 514-507-8880 ou remplissez le formulaire ci-dessous.[\/vc_column_text][\/vc_column_inner][vc_column_inner width=\u00a0\u00bb1\/2&Prime;][vc_single_image image=\u00a0\u00bb937&Prime; img_size=\u00a0\u00bbfull\u00a0\u00bb alignment=\u00a0\u00bbcenter\u00a0\u00bb css=\u00a0\u00bb\u00a0\u00bb][\/vc_column_inner][\/vc_row_inner][vc_row_inner css=\u00a0\u00bb.vc_custom_1668696277568{margin-top: 30px !important;}\u00a0\u00bb][vc_column_inner width=\u00a0\u00bb1\/6&Prime;][\/vc_column_inner][vc_column_inner width=\u00a0\u00bb2\/3&Prime;]\n<div class=\"wpcf7 no-js\" id=\"wpcf7-f913-o1\" lang=\"en-CA\" dir=\"ltr\" data-wpcf7-id=\"913\">\n<div class=\"screen-reader-response\"><p role=\"status\" aria-live=\"polite\" aria-atomic=\"true\"><\/p> <ul><\/ul><\/div>\n<form action=\"\/fr\/wp-json\/wp\/v2\/pages\/2093#wpcf7-f913-o1\" method=\"post\" class=\"wpcf7-form init\" aria-label=\"Contact form\" novalidate=\"novalidate\" data-status=\"init\">\n<fieldset class=\"hidden-fields-container\"><input type=\"hidden\" name=\"_wpcf7\" value=\"913\" \/><input type=\"hidden\" name=\"_wpcf7_version\" value=\"6.1.5\" \/><input type=\"hidden\" name=\"_wpcf7_locale\" value=\"en_CA\" \/><input type=\"hidden\" name=\"_wpcf7_unit_tag\" value=\"wpcf7-f913-o1\" \/><input type=\"hidden\" name=\"_wpcf7_container_post\" value=\"0\" \/><input type=\"hidden\" name=\"_wpcf7_posted_data_hash\" value=\"\" \/><input type=\"hidden\" name=\"_wpcf7_recaptcha_response\" value=\"\" \/>\n<\/fieldset>\n<div class=\"clearfix\">\n\t<div id=\"left\">\n\t\t<p><span class=\"wpcf7-form-control-wrap\" data-name=\"your-name\"><input size=\"40\" maxlength=\"400\" class=\"wpcf7-form-control wpcf7-text wpcf7-validates-as-required\" aria-required=\"true\" aria-invalid=\"false\" placeholder=\"Compagnie *\" value=\"\" type=\"text\" name=\"your-name\" \/><\/span><br \/>\n<span class=\"wpcf7-form-control-wrap\" data-name=\"your-address\"><input size=\"40\" maxlength=\"400\" class=\"wpcf7-form-control wpcf7-text wpcf7-validates-as-required\" aria-required=\"true\" aria-invalid=\"false\" placeholder=\"T\u00e9l\u00e9phone *\" value=\"\" type=\"text\" name=\"your-address\" \/><\/span>\n\t\t<\/p>\n\t<\/div>\n\t<div id=\"right\">\n\t\t<p><span class=\"wpcf7-form-control-wrap\" data-name=\"your-email\"><input size=\"40\" maxlength=\"400\" class=\"wpcf7-form-control wpcf7-email wpcf7-validates-as-required wpcf7-text wpcf7-validates-as-email\" aria-required=\"true\" aria-invalid=\"false\" placeholder=\"Nom *\" value=\"\" type=\"email\" name=\"your-email\" \/><\/span><br \/>\n<span class=\"wpcf7-form-control-wrap\" data-name=\"your-phone\"><input size=\"40\" maxlength=\"400\" class=\"wpcf7-form-control wpcf7-tel wpcf7-validates-as-required wpcf7-text wpcf7-validates-as-tel\" aria-required=\"true\" aria-invalid=\"false\" placeholder=\"Couriel *\" value=\"\" type=\"tel\" name=\"your-phone\" \/><\/span>\n\t\t<\/p>\n\t<\/div>\n\t<p><span class=\"wpcf7-form-control-wrap\" data-name=\"your-message\"><textarea cols=\"40\" rows=\"6\" maxlength=\"2000\" class=\"wpcf7-form-control wpcf7-textarea wpcf7-validates-as-required\" aria-required=\"true\" aria-invalid=\"false\" placeholder=\"Votre message *\" name=\"your-message\"><\/textarea><\/span><br \/>\n<input class=\"wpcf7-form-control wpcf7-submit has-spinner\" type=\"submit\" value=\"Je veux faire un don\" \/>\n\t<\/p>\n<\/div><p style=\"display: none !important;\" class=\"akismet-fields-container\" data-prefix=\"_wpcf7_ak_\"><label>&#916;<textarea name=\"_wpcf7_ak_hp_textarea\" cols=\"45\" rows=\"8\" maxlength=\"100\"><\/textarea><\/label><input type=\"hidden\" id=\"ak_js_1\" name=\"_wpcf7_ak_js\" value=\"172\"\/><script>document.getElementById( \"ak_js_1\" ).setAttribute( \"value\", ( new Date() ).getTime() );<\/script><\/p><div class=\"wpcf7-response-output\" aria-hidden=\"true\"><\/div>\n<\/form>\n<\/div>\n[\/vc_column_inner][vc_column_inner width=\u00a0\u00bb1\/6&Prime;][\/vc_column_inner][\/vc_row_inner][\/vc_column][\/vc_row][vc_row full_width=\u00a0\u00bbstretch_row\u00a0\u00bb css=\u00a0\u00bb.vc_custom_1666283136183{margin-top: 50px !important;padding-top: 30px !important;padding-bottom: 50px !important;background-color: #27397c !important;}\u00a0\u00bb][vc_column][vc_custom_heading text=\u00a0\u00bbVotre g\u00e9n\u00e9reuse contribution est n\u00e9cessaire pour nous aider \u00e0 faire un changement significatif et positif dans la vie de nombreux enfants!\u00a0\u00bb font_container=\u00a0\u00bbtag:h3|font_size:24px|text_align:center|color:%23ffffff|line_height:1.7&Prime; use_theme_fonts=\u00a0\u00bbyes\u00a0\u00bb css=\u00a0\u00bb\u00a0\u00bb][vc_custom_heading text=\u00a0\u00bbMerci!\u00a0\u00bb font_container=\u00a0\u00bbtag:h3|font_size:32px|text_align:center|color:%23ffffff\u00a0\u00bb use_theme_fonts=\u00a0\u00bbyes\u00a0\u00bb css=\u00a0\u00bb\u00a0\u00bb][\/vc_column][\/vc_row][vc_row css=\u00a0\u00bb.vc_custom_1633099899244{margin-top: 50px !important;}\u00a0\u00bb][vc_column width=\u00a0\u00bb1\/4&Prime;][vc_single_image image=\u00a0\u00bb903&Prime; img_size=\u00a0\u00bbfull\u00a0\u00bb alignment=\u00a0\u00bbcenter\u00a0\u00bb][\/vc_column][vc_column width=\u00a0\u00bb1\/4&Prime;][vc_single_image image=\u00a0\u00bb902&Prime; img_size=\u00a0\u00bbfull\u00a0\u00bb alignment=\u00a0\u00bbcenter\u00a0\u00bb][\/vc_column][vc_column width=\u00a0\u00bb1\/4&Prime;][vc_single_image image=\u00a0\u00bb906&Prime; img_size=\u00a0\u00bbfull\u00a0\u00bb alignment=\u00a0\u00bbcenter\u00a0\u00bb][\/vc_column][vc_column width=\u00a0\u00bb1\/4&Prime;][vc_single_image image=\u00a0\u00bb904&Prime; img_size=\u00a0\u00bbfull\u00a0\u00bb alignment=\u00a0\u00bbcenter\u00a0\u00bb][\/vc_column][\/vc_row]<\/p>\n<\/div>","protected":false},"excerpt":{"rendered":"<p>[vc_row full_width=\u00a0\u00bbstretch_row_content\u00a0\u00bb css=\u00a0\u00bb.vc_custom_1717602920164{padding-top: 10px !important;padding-bottom: 10px !important;background-color: #a31d36 !important;}\u00a0\u00bb][vc_column][vc_custom_heading text=\u00a0\u00bbCommanditaires Corporatifs\u00a0\u00bb font_container=\u00a0\u00bbtag:h2|text_align:center|color:%23ffffff\u00a0\u00bb use_theme_fonts=\u00a0\u00bbyes\u00a0\u00bb css=\u00a0\u00bb\u00a0\u00bb][vc_custom_heading text=\u00a0\u00bbDevenez &#8230; <a title=\"Commanditaires Corporatifs\" class=\"read-more\" href=\"https:\/\/valiquette.org\/fr\/commanditaires-corporatifs\/\" aria-label=\"Read more about Commanditaires Corporatifs\">Voir plus<\/a><\/p>\n","protected":false},"author":1,"featured_media":0,"parent":0,"menu_order":0,"comment_status":"closed","ping_status":"closed","template":"","meta":{"inline_featured_image":false,"footnotes":""},"class_list":["post-2093","page","type-page","status-publish"],"_links":{"self":[{"href":"https:\/\/valiquette.org\/fr\/wp-json\/wp\/v2\/pages\/2093","targetHints":{"allow":["GET"]}}],"collection":[{"href":"https:\/\/valiquette.org\/fr\/wp-json\/wp\/v2\/pages"}],"about":[{"href":"https:\/\/valiquette.org\/fr\/wp-json\/wp\/v2\/types\/page"}],"author":[{"embeddable":true,"href":"https:\/\/valiquette.org\/fr\/wp-json\/wp\/v2\/users\/1"}],"replies":[{"embeddable":true,"href":"https:\/\/valiquette.org\/fr\/wp-json\/wp\/v2\/comments?post=2093"}],"version-history":[{"count":5,"href":"https:\/\/valiquette.org\/fr\/wp-json\/wp\/v2\/pages\/2093\/revisions"}],"predecessor-version":[{"id":2107,"href":"https:\/\/valiquette.org\/fr\/wp-json\/wp\/v2\/pages\/2093\/revisions\/2107"}],"wp:attachment":[{"href":"https:\/\/valiquette.org\/fr\/wp-json\/wp\/v2\/media?parent=2093"}],"curies":[{"name":"wp","href":"https:\/\/api.w.org\/{rel}","templated":true}]}}