{"id":2672,"date":"2025-04-14T07:34:10","date_gmt":"2025-04-14T11:34:10","guid":{"rendered":"https:\/\/valiquette.org\/?page_id=2672"},"modified":"2025-04-16T17:30:47","modified_gmt":"2025-04-16T21:30:47","slug":"notre-impact","status":"publish","type":"page","link":"https:\/\/valiquette.org\/fr\/notre-impact\/","title":{"rendered":"Notre Impact"},"content":{"rendered":"<div class=\"wpb-content-wrapper\"><p>[vc_row full_width=\u00a0\u00bbstretch_row_content\u00a0\u00bb css=\u00a0\u00bb.vc_custom_1712157591954{padding-top: 10px !important;padding-bottom: 10px !important;background-color: #a31d36 !important;}\u00a0\u00bb][vc_column][vc_custom_heading text=\u00a0\u00bbNotre Impact\u00a0\u00bb font_container=\u00a0\u00bbtag:h2|text_align:center|color:%23ffffff\u00a0\u00bb use_theme_fonts=\u00a0\u00bbyes\u00a0\u00bb css=\u00a0\u00bb\u00a0\u00bb][vc_custom_heading text=\u00a0\u00bb\u00c0 la Fondation Valiquette, nous nous engageons \u00e0 cr\u00e9er un changement durable et mesurable dans la vie des enfants.\u00a0\u00bb font_container=\u00a0\u00bbtag:p|font_size:18px|text_align:center|color:%23ffffff\u00a0\u00bb use_theme_fonts=\u00a0\u00bbyes\u00a0\u00bb css=\u00a0\u00bb\u00a0\u00bb][\/vc_column][\/vc_row][vc_row gap=\u00a0\u00bb15&Prime; css=\u00a0\u00bb.vc_custom_1716383536431{margin-top: 50px !important;}\u00a0\u00bb][vc_column width=\u00a0\u00bb1\/2&Prime;][vc_custom_heading text=\u00a0\u00bbD\u00e9couvrez l&rsquo;ampleur croissante de notre impact\u00a0\u00bb font_container=\u00a0\u00bbtag:h3|text_align:left|color:%23a31d36&Prime; use_theme_fonts=\u00a0\u00bbyes\u00a0\u00bb css=\u00a0\u00bb\u00a0\u00bb][vc_column_text css=\u00a0\u00bb.vc_custom_1744629634923{margin-bottom: 15px !important;}\u00a0\u00bb]Notre engagement va au-del\u00e0 du soutien imm\u00e9diat \u2013 nous mettons l\u2019accent sur le succ\u00e8s \u00e0 long terme gr\u00e2ce \u00e0 une croissance strat\u00e9gique et \u00e0 des initiatives ax\u00e9es sur la communaut\u00e9.<\/p>\n<p>Cette section offre un aper\u00e7u d\u00e9taill\u00e9 de nos progr\u00e8s, de notre transparence financi\u00e8re et de notre vision pour l\u2019avenir. Explorez notre plan strat\u00e9gique triennal, nos \u00e9tats financiers annuels et les lettres de notre Fondateur et de notre Directeur, qui vous donneront des informations cl\u00e9es sur nos r\u00e9alisations et nos perspectives.<\/p>\n<p>Gr\u00e2ce \u00e0 une croissance continue et \u00e0 un soutien communautaire ind\u00e9fectible, nous restons d\u00e9termin\u00e9s \u00e0 \u00e9largir notre port\u00e9e et \u00e0 avoir un impact significatif et durable.[\/vc_column_text][\/vc_column][vc_column width=\u00a0\u00bb1\/2&Prime;][vc_single_image image=\u00a0\u00bb2677&Prime; img_size=\u00a0\u00bbfull\u00a0\u00bb alignment=\u00a0\u00bbcenter\u00a0\u00bb css=\u00a0\u00bb\u00a0\u00bb][\/vc_column][\/vc_row][vc_row css=\u00a0\u00bb.vc_custom_1743426867478{margin-top: 30px !important;}\u00a0\u00bb][vc_column][vc_separator color=\u00a0\u00bbcustom\u00a0\u00bb css=\u00a0\u00bb\u00a0\u00bb accent_color=\u00a0\u00bb#E5E5E5&Prime;][\/vc_column][\/vc_row][vc_row gap=\u00a0\u00bb15&Prime; css=\u00a0\u00bb.vc_custom_1743426871656{margin-top: 30px !important;}\u00a0\u00bb][vc_column width=\u00a0\u00bb1\/2&Prime;][vc_single_image image=\u00a0\u00bb2678&Prime; img_size=\u00a0\u00bbfull\u00a0\u00bb alignment=\u00a0\u00bbcenter\u00a0\u00bb onclick=\u00a0\u00bbcustom_link\u00a0\u00bb img_link_target=\u00a0\u00bb_blank\u00a0\u00bb css=\u00a0\u00bb\u00a0\u00bb link=\u00a0\u00bbhttps:\/\/heyzine.com\/flip-book\/c490261609.html\u00a0\u00bb][mvc_advanced_button align=\u00a0\u00bbcenter\u00a0\u00bb icon_position=\u00a0\u00bbright\u00a0\u00bb btn_text=\u00a0\u00bbNOTRE PLAN STRAT\u00c9GIQUE 2025-2027&Prime; padding_top=\u00a0\u00bb15&Prime; padding_left=\u00a0\u00bb30&Prime; btn_size=\u00a0\u00bb17&Prime; icon_size=\u00a0\u00bb17&Prime; use_theme_fonts=\u00a0\u00bbyes\u00a0\u00bb btn_url=\u00a0\u00bburl:https%3A%2F%2Fheyzine.com%2Fflip-book%2Fc490261609.html|target:_blank\u00a0\u00bb btn_clr=\u00a0\u00bb#FFFFFF\u00a0\u00bb btn_bg=\u00a0\u00bb#A31D36&Prime; btn_hvrclr=\u00a0\u00bb#FFFFFF\u00a0\u00bb btn_hvrbg=\u00a0\u00bb#721425&Prime; btn_icon=\u00a0\u00bbfa fa-solid fa-angle-right\u00a0\u00bb][\/vc_column][vc_column width=\u00a0\u00bb1\/2&Prime;][vc_custom_heading text=\u00a0\u00bbPlan strat\u00e9gique 2025 \u2013 2027&Prime; font_container=\u00a0\u00bbtag:h3|text_align:left|color:%23a31d36&Prime; use_theme_fonts=\u00a0\u00bbyes\u00a0\u00bb css=\u00a0\u00bb\u00a0\u00bb][vc_column_text css=\u00a0\u00bb\u00a0\u00bb]Depuis plus d\u2019une d\u00e9cennie, la Fondation Valiquette est un catalyseur de changement, donnant aux jeunes les moyens de surmonter les obstacles, de b\u00e2tir leur confiance et de prendre en main leur avenir. Par l\u2019\u00e9ducation, le mentorat et des initiatives communautaires, nous avons travaill\u00e9 \u00e0 briser les cycles de d\u00e9savantage et \u00e0 cr\u00e9er des opportunit\u00e9s durables de r\u00e9ussite. Notre engagement profond envers l\u2019inclusion et la collaboration a renforc\u00e9 les quartiers et a favoris\u00e9 un sentiment d\u2019appartenance pour les familles que nous servons.<\/p>\n<p>Malgr\u00e9 notre impact, l\u2019urgence de la situation est \u00e9vidente \u2013 nous ne pouvons plus compter uniquement sur les revenus de services pour soutenir notre mission. Afin d\u2019assurer la viabilit\u00e9 \u00e0 long terme de nos programmes et d\u2019\u00e9largir notre port\u00e9e, nous devons prendre des mesures audacieuses pour diversifier nos sources de financement. Notre plan strat\u00e9gique trace une voie claire, ax\u00e9e sur l\u2019obtention de ressources durables et la cr\u00e9ation de nouveaux partenariats qui nous permettront de continuer \u00e0 faire une r\u00e9elle diff\u00e9rence.<\/p>\n<p>Le moment est venu d\u2019investir dans notre avenir. En renfor\u00e7ant nos bases et en saisissant de nouvelles opportunit\u00e9s de croissance, nous pouvons b\u00e2tir une organisation plus r\u00e9siliente et accro\u00eetre notre impact. Avec une vision partag\u00e9e et une action collective, nous donnerons \u00e0 encore plus de jeunes les moyens de r\u00e9ussir et de provoquer un changement durable dans nos communaut\u00e9s.[\/vc_column_text][\/vc_column][\/vc_row][vc_row css=\u00a0\u00bb.vc_custom_1743426901138{margin-top: 50px !important;}\u00a0\u00bb][vc_column][vc_separator color=\u00a0\u00bbcustom\u00a0\u00bb css=\u00a0\u00bb\u00a0\u00bb accent_color=\u00a0\u00bb#E5E5E5&Prime;][\/vc_column][\/vc_row][vc_row gap=\u00a0\u00bb35&Prime;][vc_column width=\u00a0\u00bb1\/2&Prime;][vc_custom_heading text=\u00a0\u00bb\u00c9tats financiers\u00a0\u00bb font_container=\u00a0\u00bbtag:h3|text_align:left|color:%23a31d36&Prime; use_theme_fonts=\u00a0\u00bbyes\u00a0\u00bb css=\u00a0\u00bb\u00a0\u00bb][vc_separator color=\u00a0\u00bbcustom\u00a0\u00bb align=\u00a0\u00bbalign_left\u00a0\u00bb border_width=\u00a0\u00bb2&Prime; el_width=\u00a0\u00bb30&Prime; css=\u00a0\u00bb\u00a0\u00bb accent_color=\u00a0\u00bb#A31D36&Prime;][mvc_advanced_button icon_position=\u00a0\u00bbright\u00a0\u00bb btn_text=\u00a0\u00bb2023 &#8211; 2024&Prime; padding_top=\u00a0\u00bb15&Prime; padding_left=\u00a0\u00bb30&Prime; btn_block=\u00a0\u00bbbtn_block\u00a0\u00bb btn_size=\u00a0\u00bb17&Prime; icon_size=\u00a0\u00bb17&Prime; use_theme_fonts=\u00a0\u00bbyes\u00a0\u00bb btn_url=\u00a0\u00bburl:https%3A%2F%2Fvaliquette.org%2Ffr%2Fwp-content%2Fuploads%2F2025%2F04%2FValiquette-Foundation-FS-2024-Final-non-comparative-min.pdf|target:_blank\u00a0\u00bb btn_clr=\u00a0\u00bb#FFFFFF\u00a0\u00bb btn_bg=\u00a0\u00bb#A31D36&Prime; btn_hvrclr=\u00a0\u00bb#FFFFFF\u00a0\u00bb btn_hvrbg=\u00a0\u00bb#721425&Prime; btn_icon=\u00a0\u00bbfa fa-solid fa-angle-right\u00a0\u00bb][vc_empty_space height=\u00a0\u00bb30px\u00a0\u00bb][mvc_advanced_button icon_position=\u00a0\u00bbright\u00a0\u00bb btn_text=\u00a0\u00bb2022 &#8211; 2023&Prime; padding_top=\u00a0\u00bb15&Prime; padding_left=\u00a0\u00bb30&Prime; btn_block=\u00a0\u00bbbtn_block\u00a0\u00bb btn_size=\u00a0\u00bb17&Prime; icon_size=\u00a0\u00bb17&Prime; use_theme_fonts=\u00a0\u00bbyes\u00a0\u00bb btn_url=\u00a0\u00bburl:https%3A%2F%2Fvaliquette.org%2Ffr%2Fwp-content%2Fuploads%2F2025%2F04%2FValiquette-Foundation-FS-2023-min.pdf|target:_blank\u00a0\u00bb btn_clr=\u00a0\u00bb#FFFFFF\u00a0\u00bb btn_bg=\u00a0\u00bb#A31D36&Prime; btn_hvrclr=\u00a0\u00bb#FFFFFF\u00a0\u00bb btn_hvrbg=\u00a0\u00bb#721425&Prime; btn_icon=\u00a0\u00bbfa fa-solid fa-angle-right\u00a0\u00bb][vc_empty_space height=\u00a0\u00bb30px\u00a0\u00bb][mvc_advanced_button icon_position=\u00a0\u00bbright\u00a0\u00bb btn_text=\u00a0\u00bb2021 &#8211; 2022&Prime; padding_top=\u00a0\u00bb15&Prime; padding_left=\u00a0\u00bb30&Prime; btn_block=\u00a0\u00bbbtn_block\u00a0\u00bb btn_size=\u00a0\u00bb17&Prime; icon_size=\u00a0\u00bb17&Prime; use_theme_fonts=\u00a0\u00bbyes\u00a0\u00bb btn_url=\u00a0\u00bburl:https%3A%2F%2Fvaliquette.org%2Ffr%2Fwp-content%2Fuploads%2F2025%2F04%2FValiquette-Foundation-FS-2022-min.pdf|target:_blank\u00a0\u00bb btn_clr=\u00a0\u00bb#FFFFFF\u00a0\u00bb btn_bg=\u00a0\u00bb#A31D36&Prime; btn_hvrclr=\u00a0\u00bb#FFFFFF\u00a0\u00bb btn_hvrbg=\u00a0\u00bb#721425&Prime; btn_icon=\u00a0\u00bbfa fa-solid fa-angle-right\u00a0\u00bb][\/vc_column][vc_column width=\u00a0\u00bb1\/2&Prime;][vc_custom_heading text=\u00a0\u00bbLettre du Directeur\u00a0\u00bb font_container=\u00a0\u00bbtag:h3|text_align:left|color:%2327397C\u00a0\u00bb use_theme_fonts=\u00a0\u00bbyes\u00a0\u00bb css=\u00a0\u00bb\u00a0\u00bb][vc_separator color=\u00a0\u00bbcustom\u00a0\u00bb align=\u00a0\u00bbalign_left\u00a0\u00bb border_width=\u00a0\u00bb2&Prime; el_width=\u00a0\u00bb30&Prime; css=\u00a0\u00bb\u00a0\u00bb accent_color=\u00a0\u00bb#27397C\u00a0\u00bb][mvc_advanced_button icon_position=\u00a0\u00bbright\u00a0\u00bb btn_text=\u00a0\u00bb2024&Prime; padding_top=\u00a0\u00bb15&Prime; padding_left=\u00a0\u00bb30&Prime; btn_block=\u00a0\u00bbbtn_block\u00a0\u00bb btn_size=\u00a0\u00bb17&Prime; icon_size=\u00a0\u00bb17&Prime; use_theme_fonts=\u00a0\u00bbyes\u00a0\u00bb btn_url=\u00a0\u00bburl:https%3A%2F%2Fvaliquette.org%2Ffr%2Fwp-content%2Fuploads%2F2025%2F04%2FBilan-de-lannee-Lettre-du-directeur-1-Septembre-2023-31-Aout-2024.pdf|target:_blank\u00a0\u00bb btn_clr=\u00a0\u00bb#FFFFFF\u00a0\u00bb btn_bg=\u00a0\u00bb#27397C\u00a0\u00bb btn_hvrclr=\u00a0\u00bb#FFFFFF\u00a0\u00bb btn_hvrbg=\u00a0\u00bb#1B2756&Prime; btn_icon=\u00a0\u00bbfa fa-solid fa-angle-right\u00a0\u00bb][vc_empty_space height=\u00a0\u00bb30px\u00a0\u00bb][mvc_advanced_button icon_position=\u00a0\u00bbright\u00a0\u00bb btn_text=\u00a0\u00bb2023&Prime; padding_top=\u00a0\u00bb15&Prime; padding_left=\u00a0\u00bb30&Prime; btn_block=\u00a0\u00bbbtn_block\u00a0\u00bb btn_size=\u00a0\u00bb17&Prime; icon_size=\u00a0\u00bb17&Prime; use_theme_fonts=\u00a0\u00bbyes\u00a0\u00bb btn_clr=\u00a0\u00bb#FFFFFF\u00a0\u00bb btn_bg=\u00a0\u00bb#27397C\u00a0\u00bb btn_hvrclr=\u00a0\u00bb#FFFFFF\u00a0\u00bb btn_hvrbg=\u00a0\u00bb#1B2756&Prime; btn_icon=\u00a0\u00bbfa fa-solid fa-angle-right\u00a0\u00bb btn_url=\u00a0\u00bburl:https%3A%2F%2Fvaliquette.org%2Ffr%2Fwp-content%2Fuploads%2F2025%2F04%2FBilan-des-activites-Lettre-du-Directeur-1er-Septembre-2022-%E2%80%93-31-Aout-2023-1.pdf|target:_blank\u00a0\u00bb caption_url=\u00a0\u00bb\u00a0\u00bb caption_urls=\u00a0\u00bb\u00a0\u00bb caption_urlss=\u00a0\u00bb\u00a0\u00bb][vc_empty_space height=\u00a0\u00bb30px\u00a0\u00bb][mvc_advanced_button icon_position=\u00a0\u00bbright\u00a0\u00bb btn_text=\u00a0\u00bb2022&Prime; padding_top=\u00a0\u00bb15&Prime; padding_left=\u00a0\u00bb30&Prime; btn_block=\u00a0\u00bbbtn_block\u00a0\u00bb btn_size=\u00a0\u00bb17&Prime; icon_size=\u00a0\u00bb17&Prime; use_theme_fonts=\u00a0\u00bbyes\u00a0\u00bb btn_clr=\u00a0\u00bb#FFFFFF\u00a0\u00bb btn_bg=\u00a0\u00bb#27397C\u00a0\u00bb btn_hvrclr=\u00a0\u00bb#FFFFFF\u00a0\u00bb btn_hvrbg=\u00a0\u00bb#1B2756&Prime; btn_icon=\u00a0\u00bbfa fa-solid fa-angle-right\u00a0\u00bb btn_url=\u00a0\u00bburl:https%3A%2F%2Fvaliquette.org%2Ffr%2Fwp-content%2Fuploads%2F2025%2F04%2FBilan-des-activites-Lettre-du-Directeur-1er-Septembre-2021-%E2%80%93-31-Aout-2022.pdf|target:_blank\u00a0\u00bb][\/vc_column][\/vc_row][vc_row css=\u00a0\u00bb.vc_custom_1743426867478{margin-top: 30px !important;}\u00a0\u00bb][vc_column][vc_separator color=\u00a0\u00bbcustom\u00a0\u00bb css=\u00a0\u00bb\u00a0\u00bb accent_color=\u00a0\u00bb#E5E5E5&Prime;][\/vc_column][\/vc_row][vc_row gap=\u00a0\u00bb15&Prime;][vc_column width=\u00a0\u00bb1\/2&Prime;][vc_custom_heading text=\u00a0\u00bbVous pouvez nous aider \u00e0 donner aux enfants les moyens de b\u00e2tir un avenir meilleur !\u00a0\u00bb font_container=\u00a0\u00bbtag:h3|text_align:left|color:%23a31d36&Prime; use_theme_fonts=\u00a0\u00bbyes\u00a0\u00bb css=\u00a0\u00bb\u00a0\u00bb][vc_column_text css=\u00a0\u00bb.vc_custom_1744630398649{margin-bottom: 15px !important;}\u00a0\u00bb]Travaillons ensemble pour offrir \u00e0 plus de jeunes le soutien, les comp\u00e9tences et la confiance dont ils ont besoin pour rester \u00e0 l\u2019\u00e9cole et r\u00e9ussir leur vie ! Bon nombre des enfants que nous accompagnons viennent de milieux d\u00e9favoris\u00e9s, mais nous croyons en leur potentiel illimit\u00e9. Avec les bons outils et les bonnes opportunit\u00e9s, ils peuvent terminer leurs \u00e9tudes secondaires et aller encore plus loin.<\/p>\n<p>Vous pouvez soutenir la <strong>Fondation Valiquette<\/strong> de plusieurs fa\u00e7ons :[\/vc_column_text][mvc_infobox info_style=\u00a0\u00bbmega_info_box_2&Prime; info_opt=\u00a0\u00bbshow_icon\u00a0\u00bb icon_size=\u00a0\u00bb16&Prime; icon_height=\u00a0\u00bb16&Prime; link=\u00a0\u00bblink_box\u00a0\u00bb line_height=\u00a0\u00bb1.5&Prime; title_color=\u00a0\u00bb#222222&Prime; font_icon=\u00a0\u00bbfa fa-solid fa-check\u00a0\u00bb icon_color=\u00a0\u00bb#A31D36&Prime; btn_url=\u00a0\u00bburl:https%3A%2F%2Fvaliquette.org%2Fdonate%2F\u00a0\u00bb info_title=\u00a0\u00bbFAIRE UN DON\u00a0\u00bb title_size=\u00a0\u00bb18&Prime;]Votre contribution, ponctuelle ou mensuelle, nous permet d\u2019offrir des programmes \u00e9ducatifs essentiels, du mentorat et un soutien communautaire. Chaque don, quelle que soit sa valeur, joue un r\u00f4le crucial dans l\u2019\u00e9mancipation des jeunes et l\u2019enrichissement de notre communaut\u00e9.[\/mvc_infobox][mvc_infobox info_style=\u00a0\u00bbmega_info_box_2&Prime; info_opt=\u00a0\u00bbshow_icon\u00a0\u00bb icon_size=\u00a0\u00bb16&Prime; icon_height=\u00a0\u00bb16&Prime; link=\u00a0\u00bblink_box\u00a0\u00bb line_height=\u00a0\u00bb1.5&Prime; title_color=\u00a0\u00bb#222222&Prime; font_icon=\u00a0\u00bbfa fa-solid fa-check\u00a0\u00bb icon_color=\u00a0\u00bb#A31D36&Prime; btn_url=\u00a0\u00bburl:https%3A%2F%2Fvaliquette.org%2Findividual-sponsors%2F\u00a0\u00bb info_title=\u00a0\u00bbDEVENIR PARTENAIRE\u00a0\u00bb title_size=\u00a0\u00bb18&Prime;]Rejoignez notre r\u00e9seau de partenaires corporatifs et communautaires pour soutenir des bourses d\u2019\u00e9tudes, des services de tutorat et des initiatives en leadership.[\/mvc_infobox][mvc_infobox info_style=\u00a0\u00bbmega_info_box_2&Prime; info_opt=\u00a0\u00bbshow_icon\u00a0\u00bb icon_size=\u00a0\u00bb16&Prime; icon_height=\u00a0\u00bb16&Prime; link=\u00a0\u00bblink_box\u00a0\u00bb line_height=\u00a0\u00bb1.5&Prime; title_color=\u00a0\u00bb#222222&Prime; font_icon=\u00a0\u00bbfa fa-solid fa-check\u00a0\u00bb icon_color=\u00a0\u00bb#A31D36&Prime; btn_url=\u00a0\u00bburl:https%3A%2F%2Fvaliquette.org%2Fcontact%2F\u00a0\u00bb info_title=\u00a0\u00bbOFFRIR DE VOTRE TEMPS\u00a0\u00bb title_size=\u00a0\u00bb18&Prime;]Que vous ayez quelques heures \u00e0 consacrer ou une comp\u00e9tence \u00e0 partager, votre implication peut transformer la vie des enfants et des familles que nous desservons.[\/mvc_infobox][\/vc_column][vc_column width=\u00a0\u00bb1\/2&Prime;][vc_single_image image=\u00a0\u00bb2688&Prime; img_size=\u00a0\u00bbfull\u00a0\u00bb alignment=\u00a0\u00bbcenter\u00a0\u00bb css=\u00a0\u00bb\u00a0\u00bb][\/vc_column][\/vc_row]<\/p>\n<\/div>","protected":false},"excerpt":{"rendered":"<p>[vc_row full_width=\u00a0\u00bbstretch_row_content\u00a0\u00bb css=\u00a0\u00bb.vc_custom_1712157591954{padding-top: 10px !important;padding-bottom: 10px !important;background-color: #a31d36 !important;}\u00a0\u00bb][vc_column][vc_custom_heading text=\u00a0\u00bbNotre Impact\u00a0\u00bb font_container=\u00a0\u00bbtag:h2|text_align:center|color:%23ffffff\u00a0\u00bb use_theme_fonts=\u00a0\u00bbyes\u00a0\u00bb css=\u00a0\u00bb\u00a0\u00bb][vc_custom_heading text=\u00a0\u00bb\u00c0 &#8230; <a title=\"Notre Impact\" class=\"read-more\" href=\"https:\/\/valiquette.org\/fr\/notre-impact\/\" aria-label=\"Read more about Notre Impact\">Voir plus<\/a><\/p>\n","protected":false},"author":1,"featured_media":0,"parent":0,"menu_order":0,"comment_status":"closed","ping_status":"closed","template":"","meta":{"inline_featured_image":false,"footnotes":""},"class_list":["post-2672","page","type-page","status-publish"],"_links":{"self":[{"href":"https:\/\/valiquette.org\/fr\/wp-json\/wp\/v2\/pages\/2672","targetHints":{"allow":["GET"]}}],"collection":[{"href":"https:\/\/valiquette.org\/fr\/wp-json\/wp\/v2\/pages"}],"about":[{"href":"https:\/\/valiquette.org\/fr\/wp-json\/wp\/v2\/types\/page"}],"author":[{"embeddable":true,"href":"https:\/\/valiquette.org\/fr\/wp-json\/wp\/v2\/users\/1"}],"replies":[{"embeddable":true,"href":"https:\/\/valiquette.org\/fr\/wp-json\/wp\/v2\/comments?post=2672"}],"version-history":[{"count":5,"href":"https:\/\/valiquette.org\/fr\/wp-json\/wp\/v2\/pages\/2672\/revisions"}],"predecessor-version":[{"id":2843,"href":"https:\/\/valiquette.org\/fr\/wp-json\/wp\/v2\/pages\/2672\/revisions\/2843"}],"wp:attachment":[{"href":"https:\/\/valiquette.org\/fr\/wp-json\/wp\/v2\/media?parent=2672"}],"curies":[{"name":"wp","href":"https:\/\/api.w.org\/{rel}","templated":true}]}}